{"id":33,"date":"2024-04-08T09:26:56","date_gmt":"2024-04-08T09:26:56","guid":{"rendered":"https:\/\/nachhaltigkeitskompass-niedersachsen.de\/?page_id=33"},"modified":"2025-02-18T08:38:31","modified_gmt":"2025-02-18T08:38:31","slug":"mobilitaet","status":"publish","type":"page","link":"https:\/\/nachhaltigkeitskompass-niedersachsen.de\/?page_id=33","title":{"rendered":"Mobilit\u00e4t"},"content":{"rendered":"\n<p>Im Nachhaltigkeitskontext bezieht sich das Handlungsfeld <strong>Mobilit\u00e4t<\/strong> auf die Gestaltung und F\u00f6rderung von umweltfreundlichen, ressourcenschonenden und sozialen Verkehrsl\u00f6sungen. Ziel ist es, die negativen Auswirkungen des Verkehrs, wie CO\u2082-Emissionen, Luftverschmutzung und Ressourcenverbrauch, zu minimieren.<\/p>\n\n\n\n<p><strong>Nachhaltige Mobilit\u00e4t<\/strong> umfasst die F\u00f6rderung von emissionsarmen oder emissionsfreien Transportmitteln, wie Elektrofahrzeugen, Fahrr\u00e4dern und \u00f6ffentlichen Verkehrsmitteln. Auch der Einsatz von erneuerbaren Energien f\u00fcr den Verkehr, die Entwicklung von Carsharing-Modellen und intelligente Mobilit\u00e4tsl\u00f6sungen wie E-Mobilit\u00e4t oder digitale Plattformen zur Optimierung von Transportwegen sind zentrale Ans\u00e4tze.<\/p>\n\n\n\n<p>Dar\u00fcber hinaus wird die <strong>Reduzierung des Verkehrsaufkommens<\/strong> durch Ma\u00dfnahmen wie Homeoffice, Telearbeit und flexible Arbeitsmodelle angestrebt, um unn\u00f6tige Fahrten zu vermeiden.<\/p>\n\n\n\n<p>Dieses Handlungsfeld unterst\u00fctzt die Verringerung der \u00f6kologischen Fu\u00dfabdr\u00fccke von Unternehmen und Gesellschaft und tr\u00e4gt dazu bei, eine nachhaltige und klimafreundliche Zukunft zu gestalten.<\/p>\n\n\n\n<p><\/p>\n\n\n\n<h4 class=\"wp-block-heading\">1. Reiseplanung und -management<\/h4>\n\n\n\n<p>An- \/ Abreise: Betrifft die Planung und Organisation der Anreise zu und der Abreise von einem bestimmten Ort. Dies umfasst \u00dcberlegungen zu verschiedenen Verkehrsmitteln, Zeitpl\u00e4nen und Routen, um eine effiziente und bequeme Reise zu erm\u00f6glichen.<\/p>\n\n\n\n<p><\/p>\n\n\n\n<h4 class=\"wp-block-heading\">2. Mobilit\u00e4tsstrategien<\/h4>\n\n\n\n<p>Mobilit\u00e4tskonzepte: Bezieht sich auf umfassende Pl\u00e4ne und Initiativen, die darauf abzielen, die Mobilit\u00e4tsbed\u00fcrfnisse von Einzelpersonen und Gemeinschaften auf nachhaltige Weise zu erf\u00fcllen. Diese Konzepte k\u00f6nnen innovative Verkehrsl\u00f6sungen, F\u00f6rderung des \u00f6ffentlichen Nahverkehrs, Fahrradfreundlichkeit und Carsharing-Programme umfassen.<\/p>\n\n\n\n<h4 class=\"wp-block-heading\">3. Mobilit\u00e4t vor Ort<\/h4>\n\n\n\n<p>Konzentriert sich auf die Fortbewegung innerhalb eines bestimmten Gebiets oder einer Stadt. Dies beinhaltet die Nutzung von lokalem \u00f6ffentlichen Verkehr, Fahrr\u00e4dern, Fu\u00dfwegen und anderen Mitteln zur Erleichterung des t\u00e4glichen Verkehrs.<\/p>\n\n\n\n<h4 class=\"wp-block-heading\">4. Dienstreisen<\/h4>\n\n\n\n<p>Umfasst alle Aspekte der Planung und Durchf\u00fchrung von Reisen aus beruflichen Gr\u00fcnden, einschlie\u00dflich der Auswahl von Transportmitteln, Unterk\u00fcnften und der Ber\u00fccksichtigung von Richtlinien f\u00fcr nachhaltiges Reisen.<\/p>\n\n\n\n<h2 class=\"wp-block-heading\">Aktuelle Beitr\u00e4ge zur Mobilit\u00e4t<\/h2>\n\n\n<ul class=\"wp-block-latest-posts__list wp-block-latest-posts\"><li><a class=\"wp-block-latest-posts__post-title\" href=\"https:\/\/nachhaltigkeitskompass-niedersachsen.de\/?p=366\">Quick Wins f\u00fcr Mobilit\u00e4t<\/a><div class=\"wp-block-latest-posts__post-excerpt\">Das Projekt Quick Wins f\u00fcr Mobilit\u00e4t liefert praktische und schnell umsetzbare Handlungsempfehlungen, um eine klimafreundliche Mobilit\u00e4t im Tourismus zu f\u00f6rdern. Im Fokus stehen die Bereiche Besucherlenkung, Mobilit\u00e4t vor Ort sowie An- und Abreise \u2013 jeweils erg\u00e4nzt durch wertvolle Ans\u00e4tze f\u00fcr Kooperationen, Produktgestaltung, zielgerichtete Kommunikation und Erfolgs\u00admessung. Diese Quick Wins bieten St\u00e4dten und touristischen Betrieben konkrete\u2026\u00a0<a class=\"wp-block-latest-posts__read-more\" href=\"https:\/\/nachhaltigkeitskompass-niedersachsen.de\/?p=366\" rel=\"noopener noreferrer\"><span class=\"screen-reader-text\">Quick Wins f\u00fcr Mobilit\u00e4t <\/span>weiterlesen<\/a><\/div><\/li>\n<\/ul>\n\n\n<p><\/p>\n","protected":false},"excerpt":{"rendered":"<p>Im Nachhaltigkeitskontext bezieht sich das Handlungsfeld Mobilit\u00e4t auf die Gestaltung und F\u00f6rderung von umweltfreundlichen, ressourcenschonenden und sozialen Verkehrsl\u00f6sungen. Ziel ist es, die negativen Auswirkungen des Verkehrs, wie CO\u2082-Emissionen, Luftverschmutzung und Ressourcenverbrauch, zu minimieren. Nachhaltige Mobilit\u00e4t umfasst die F\u00f6rderung von emissionsarmen oder emissionsfreien Transportmitteln, wie Elektrofahrzeugen, Fahrr\u00e4dern und \u00f6ffentlichen Verkehrsmitteln. Auch der Einsatz von erneuerbaren Energien [&hellip;]<\/p>\n","protected":false},"author":1,"featured_media":348,"parent":0,"menu_order":0,"comment_status":"closed","ping_status":"closed","template":"","meta":{"footnotes":""},"class_list":["post-33","page","type-page","status-publish","has-post-thumbnail","hentry"],"yoast_head":"<!-- This site is optimized with the Yoast SEO plugin v27.4 - https:\/\/yoast.com\/product\/yoast-seo-wordpress\/ -->\n<title>Mobilit\u00e4t - Nachhaltigskeitskompass Niedersachsen<\/title>\n<meta name=\"robots\" content=\"index, follow, max-snippet:-1, max-image-preview:large, max-video-preview:-1\" \/>\n<link rel=\"canonical\" href=\"https:\/\/nachhaltigkeitskompass-niedersachsen.de\/?page_id=33\" \/>\n<meta property=\"og:locale\" content=\"de_DE\" \/>\n<meta property=\"og:type\" content=\"article\" \/>\n<meta property=\"og:title\" content=\"Mobilit\u00e4t - Nachhaltigskeitskompass Niedersachsen\" \/>\n<meta property=\"og:description\" content=\"Im Nachhaltigkeitskontext bezieht sich das Handlungsfeld Mobilit\u00e4t auf die Gestaltung und F\u00f6rderung von umweltfreundlichen, ressourcenschonenden und sozialen Verkehrsl\u00f6sungen. Ziel ist es, die negativen Auswirkungen des Verkehrs, wie CO\u2082-Emissionen, Luftverschmutzung und Ressourcenverbrauch, zu minimieren. Nachhaltige Mobilit\u00e4t umfasst die F\u00f6rderung von emissionsarmen oder emissionsfreien Transportmitteln, wie Elektrofahrzeugen, Fahrr\u00e4dern und \u00f6ffentlichen Verkehrsmitteln. Auch der Einsatz von erneuerbaren Energien [&hellip;]\" \/>\n<meta property=\"og:url\" content=\"https:\/\/nachhaltigkeitskompass-niedersachsen.de\/?page_id=33\" \/>\n<meta property=\"og:site_name\" content=\"Nachhaltigskeitskompass Niedersachsen\" \/>\n<meta property=\"article:modified_time\" content=\"2025-02-18T08:38:31+00:00\" \/>\n<meta property=\"og:image\" content=\"https:\/\/nachhaltigkeitskompass-niedersachsen.de\/wp-content\/uploads\/2024\/11\/Mobilitaet.jpg\" \/>\n\t<meta property=\"og:image:width\" content=\"1200\" \/>\n\t<meta property=\"og:image:height\" content=\"500\" \/>\n\t<meta property=\"og:image:type\" content=\"image\/jpeg\" \/>\n<meta name=\"twitter:card\" content=\"summary_large_image\" \/>\n<meta name=\"twitter:label1\" content=\"Gesch\u00e4tzte Lesezeit\" \/>\n\t<meta name=\"twitter:data1\" content=\"2\u00a0Minuten\" \/>\n<script type=\"application\/ld+json\" class=\"yoast-schema-graph\">{\"@context\":\"https:\\\/\\\/schema.org\",\"@graph\":[{\"@type\":\"WebPage\",\"@id\":\"https:\\\/\\\/nachhaltigkeitskompass-niedersachsen.de\\\/?page_id=33\",\"url\":\"https:\\\/\\\/nachhaltigkeitskompass-niedersachsen.de\\\/?page_id=33\",\"name\":\"Mobilit\u00e4t - Nachhaltigskeitskompass Niedersachsen\",\"isPartOf\":{\"@id\":\"https:\\\/\\\/nachhaltigkeitskompass-niedersachsen.de\\\/#website\"},\"primaryImageOfPage\":{\"@id\":\"https:\\\/\\\/nachhaltigkeitskompass-niedersachsen.de\\\/?page_id=33#primaryimage\"},\"image\":{\"@id\":\"https:\\\/\\\/nachhaltigkeitskompass-niedersachsen.de\\\/?page_id=33#primaryimage\"},\"thumbnailUrl\":\"https:\\\/\\\/nachhaltigkeitskompass-niedersachsen.de\\\/wp-content\\\/uploads\\\/2024\\\/11\\\/Mobilitaet.jpg\",\"datePublished\":\"2024-04-08T09:26:56+00:00\",\"dateModified\":\"2025-02-18T08:38:31+00:00\",\"breadcrumb\":{\"@id\":\"https:\\\/\\\/nachhaltigkeitskompass-niedersachsen.de\\\/?page_id=33#breadcrumb\"},\"inLanguage\":\"de\",\"potentialAction\":[{\"@type\":\"ReadAction\",\"target\":[\"https:\\\/\\\/nachhaltigkeitskompass-niedersachsen.de\\\/?page_id=33\"]}]},{\"@type\":\"ImageObject\",\"inLanguage\":\"de\",\"@id\":\"https:\\\/\\\/nachhaltigkeitskompass-niedersachsen.de\\\/?page_id=33#primaryimage\",\"url\":\"https:\\\/\\\/nachhaltigkeitskompass-niedersachsen.de\\\/wp-content\\\/uploads\\\/2024\\\/11\\\/Mobilitaet.jpg\",\"contentUrl\":\"https:\\\/\\\/nachhaltigkeitskompass-niedersachsen.de\\\/wp-content\\\/uploads\\\/2024\\\/11\\\/Mobilitaet.jpg\",\"width\":1200,\"height\":500},{\"@type\":\"BreadcrumbList\",\"@id\":\"https:\\\/\\\/nachhaltigkeitskompass-niedersachsen.de\\\/?page_id=33#breadcrumb\",\"itemListElement\":[{\"@type\":\"ListItem\",\"position\":1,\"name\":\"Startseite\",\"item\":\"https:\\\/\\\/nachhaltigkeitskompass-niedersachsen.de\\\/\"},{\"@type\":\"ListItem\",\"position\":2,\"name\":\"Mobilit\u00e4t\"}]},{\"@type\":\"WebSite\",\"@id\":\"https:\\\/\\\/nachhaltigkeitskompass-niedersachsen.de\\\/#website\",\"url\":\"https:\\\/\\\/nachhaltigkeitskompass-niedersachsen.de\\\/\",\"name\":\"Nachhaltigskeitskompass Niedersachsen\",\"description\":\"\",\"publisher\":{\"@id\":\"https:\\\/\\\/nachhaltigkeitskompass-niedersachsen.de\\\/#organization\"},\"potentialAction\":[{\"@type\":\"SearchAction\",\"target\":{\"@type\":\"EntryPoint\",\"urlTemplate\":\"https:\\\/\\\/nachhaltigkeitskompass-niedersachsen.de\\\/?s={search_term_string}\"},\"query-input\":{\"@type\":\"PropertyValueSpecification\",\"valueRequired\":true,\"valueName\":\"search_term_string\"}}],\"inLanguage\":\"de\"},{\"@type\":\"Organization\",\"@id\":\"https:\\\/\\\/nachhaltigkeitskompass-niedersachsen.de\\\/#organization\",\"name\":\"Nachhaltigskeitskompass Niedersachsen\",\"url\":\"https:\\\/\\\/nachhaltigkeitskompass-niedersachsen.de\\\/\",\"logo\":{\"@type\":\"ImageObject\",\"inLanguage\":\"de\",\"@id\":\"https:\\\/\\\/nachhaltigkeitskompass-niedersachsen.de\\\/#\\\/schema\\\/logo\\\/image\\\/\",\"url\":\"https:\\\/\\\/nachhaltigkeitskompass-niedersachsen.de\\\/wp-content\\\/uploads\\\/2024\\\/04\\\/logo-about-cities-transparent-frei-schrift-weiss-1.webp\",\"contentUrl\":\"https:\\\/\\\/nachhaltigkeitskompass-niedersachsen.de\\\/wp-content\\\/uploads\\\/2024\\\/04\\\/logo-about-cities-transparent-frei-schrift-weiss-1.webp\",\"width\":300,\"height\":283,\"caption\":\"Nachhaltigskeitskompass Niedersachsen\"},\"image\":{\"@id\":\"https:\\\/\\\/nachhaltigkeitskompass-niedersachsen.de\\\/#\\\/schema\\\/logo\\\/image\\\/\"}}]}<\/script>\n<!-- \/ Yoast SEO plugin. -->","yoast_head_json":{"title":"Mobilit\u00e4t - Nachhaltigskeitskompass Niedersachsen","robots":{"index":"index","follow":"follow","max-snippet":"max-snippet:-1","max-image-preview":"max-image-preview:large","max-video-preview":"max-video-preview:-1"},"canonical":"https:\/\/nachhaltigkeitskompass-niedersachsen.de\/?page_id=33","og_locale":"de_DE","og_type":"article","og_title":"Mobilit\u00e4t - Nachhaltigskeitskompass Niedersachsen","og_description":"Im Nachhaltigkeitskontext bezieht sich das Handlungsfeld Mobilit\u00e4t auf die Gestaltung und F\u00f6rderung von umweltfreundlichen, ressourcenschonenden und sozialen Verkehrsl\u00f6sungen. Ziel ist es, die negativen Auswirkungen des Verkehrs, wie CO\u2082-Emissionen, Luftverschmutzung und Ressourcenverbrauch, zu minimieren. Nachhaltige Mobilit\u00e4t umfasst die F\u00f6rderung von emissionsarmen oder emissionsfreien Transportmitteln, wie Elektrofahrzeugen, Fahrr\u00e4dern und \u00f6ffentlichen Verkehrsmitteln. Auch der Einsatz von erneuerbaren Energien [&hellip;]","og_url":"https:\/\/nachhaltigkeitskompass-niedersachsen.de\/?page_id=33","og_site_name":"Nachhaltigskeitskompass Niedersachsen","article_modified_time":"2025-02-18T08:38:31+00:00","og_image":[{"width":1200,"height":500,"url":"https:\/\/nachhaltigkeitskompass-niedersachsen.de\/wp-content\/uploads\/2024\/11\/Mobilitaet.jpg","type":"image\/jpeg"}],"twitter_card":"summary_large_image","twitter_misc":{"Gesch\u00e4tzte Lesezeit":"2\u00a0Minuten"},"schema":{"@context":"https:\/\/schema.org","@graph":[{"@type":"WebPage","@id":"https:\/\/nachhaltigkeitskompass-niedersachsen.de\/?page_id=33","url":"https:\/\/nachhaltigkeitskompass-niedersachsen.de\/?page_id=33","name":"Mobilit\u00e4t - Nachhaltigskeitskompass Niedersachsen","isPartOf":{"@id":"https:\/\/nachhaltigkeitskompass-niedersachsen.de\/#website"},"primaryImageOfPage":{"@id":"https:\/\/nachhaltigkeitskompass-niedersachsen.de\/?page_id=33#primaryimage"},"image":{"@id":"https:\/\/nachhaltigkeitskompass-niedersachsen.de\/?page_id=33#primaryimage"},"thumbnailUrl":"https:\/\/nachhaltigkeitskompass-niedersachsen.de\/wp-content\/uploads\/2024\/11\/Mobilitaet.jpg","datePublished":"2024-04-08T09:26:56+00:00","dateModified":"2025-02-18T08:38:31+00:00","breadcrumb":{"@id":"https:\/\/nachhaltigkeitskompass-niedersachsen.de\/?page_id=33#breadcrumb"},"inLanguage":"de","potentialAction":[{"@type":"ReadAction","target":["https:\/\/nachhaltigkeitskompass-niedersachsen.de\/?page_id=33"]}]},{"@type":"ImageObject","inLanguage":"de","@id":"https:\/\/nachhaltigkeitskompass-niedersachsen.de\/?page_id=33#primaryimage","url":"https:\/\/nachhaltigkeitskompass-niedersachsen.de\/wp-content\/uploads\/2024\/11\/Mobilitaet.jpg","contentUrl":"https:\/\/nachhaltigkeitskompass-niedersachsen.de\/wp-content\/uploads\/2024\/11\/Mobilitaet.jpg","width":1200,"height":500},{"@type":"BreadcrumbList","@id":"https:\/\/nachhaltigkeitskompass-niedersachsen.de\/?page_id=33#breadcrumb","itemListElement":[{"@type":"ListItem","position":1,"name":"Startseite","item":"https:\/\/nachhaltigkeitskompass-niedersachsen.de\/"},{"@type":"ListItem","position":2,"name":"Mobilit\u00e4t"}]},{"@type":"WebSite","@id":"https:\/\/nachhaltigkeitskompass-niedersachsen.de\/#website","url":"https:\/\/nachhaltigkeitskompass-niedersachsen.de\/","name":"Nachhaltigskeitskompass Niedersachsen","description":"","publisher":{"@id":"https:\/\/nachhaltigkeitskompass-niedersachsen.de\/#organization"},"potentialAction":[{"@type":"SearchAction","target":{"@type":"EntryPoint","urlTemplate":"https:\/\/nachhaltigkeitskompass-niedersachsen.de\/?s={search_term_string}"},"query-input":{"@type":"PropertyValueSpecification","valueRequired":true,"valueName":"search_term_string"}}],"inLanguage":"de"},{"@type":"Organization","@id":"https:\/\/nachhaltigkeitskompass-niedersachsen.de\/#organization","name":"Nachhaltigskeitskompass Niedersachsen","url":"https:\/\/nachhaltigkeitskompass-niedersachsen.de\/","logo":{"@type":"ImageObject","inLanguage":"de","@id":"https:\/\/nachhaltigkeitskompass-niedersachsen.de\/#\/schema\/logo\/image\/","url":"https:\/\/nachhaltigkeitskompass-niedersachsen.de\/wp-content\/uploads\/2024\/04\/logo-about-cities-transparent-frei-schrift-weiss-1.webp","contentUrl":"https:\/\/nachhaltigkeitskompass-niedersachsen.de\/wp-content\/uploads\/2024\/04\/logo-about-cities-transparent-frei-schrift-weiss-1.webp","width":300,"height":283,"caption":"Nachhaltigskeitskompass Niedersachsen"},"image":{"@id":"https:\/\/nachhaltigkeitskompass-niedersachsen.de\/#\/schema\/logo\/image\/"}}]}},"_links":{"self":[{"href":"https:\/\/nachhaltigkeitskompass-niedersachsen.de\/index.php?rest_route=\/wp\/v2\/pages\/33","targetHints":{"allow":["GET"]}}],"collection":[{"href":"https:\/\/nachhaltigkeitskompass-niedersachsen.de\/index.php?rest_route=\/wp\/v2\/pages"}],"about":[{"href":"https:\/\/nachhaltigkeitskompass-niedersachsen.de\/index.php?rest_route=\/wp\/v2\/types\/page"}],"author":[{"embeddable":true,"href":"https:\/\/nachhaltigkeitskompass-niedersachsen.de\/index.php?rest_route=\/wp\/v2\/users\/1"}],"replies":[{"embeddable":true,"href":"https:\/\/nachhaltigkeitskompass-niedersachsen.de\/index.php?rest_route=%2Fwp%2Fv2%2Fcomments&post=33"}],"version-history":[{"count":6,"href":"https:\/\/nachhaltigkeitskompass-niedersachsen.de\/index.php?rest_route=\/wp\/v2\/pages\/33\/revisions"}],"predecessor-version":[{"id":716,"href":"https:\/\/nachhaltigkeitskompass-niedersachsen.de\/index.php?rest_route=\/wp\/v2\/pages\/33\/revisions\/716"}],"wp:featuredmedia":[{"embeddable":true,"href":"https:\/\/nachhaltigkeitskompass-niedersachsen.de\/index.php?rest_route=\/wp\/v2\/media\/348"}],"wp:attachment":[{"href":"https:\/\/nachhaltigkeitskompass-niedersachsen.de\/index.php?rest_route=%2Fwp%2Fv2%2Fmedia&parent=33"}],"curies":[{"name":"wp","href":"https:\/\/api.w.org\/{rel}","templated":true}]}}