{"id":212,"date":"2024-11-07T02:43:10","date_gmt":"2024-11-07T02:43:10","guid":{"rendered":"https:\/\/nachhaltigkeitskompass-niedersachsen.de\/?page_id=212"},"modified":"2024-11-13T15:44:36","modified_gmt":"2024-11-13T15:44:36","slug":"aboutcities-das-staedtenetzwerk-in-niedersachsen","status":"publish","type":"page","link":"https:\/\/nachhaltigkeitskompass-niedersachsen.de\/?page_id=212","title":{"rendered":"aboutcities &#8211; Das St\u00e4dtenetzwerk in Niedersachsen"},"content":{"rendered":"\n<p>Hinter aboutcities- dem St\u00e4dtenetzwerk in Niedersachsen- stehen 19 nieders\u00e4chsische St\u00e4dte, Bremerhaven und die TourismusMarketing Niedersachsen GmbH.<\/p>\n\n\n\n<p><\/p>\n\n\n\n<div class=\"wp-block-group alignfull wp-section-block wp-hero has-global-padding is-layout-constrained wp-container-core-group-is-layout-1bda9624 wp-block-group-is-layout-constrained\" style=\"margin-bottom:0;padding-top:var(--wp--preset--spacing--90);padding-right:var(--wp--preset--spacing--50);padding-left:var(--wp--preset--spacing--50)\">\n<div class=\"wp-block-group alignwide wp-section-container-block has-global-padding is-content-justification-center is-layout-constrained wp-block-group-is-layout-constrained\">\n<div class=\"wp-block-group alignwide wp-section-content-block is-layout-flow wp-block-group-is-layout-flow\">\n<div class=\"wp-block-media-text alignwide is-stacked-on-mobile\" style=\"grid-template-columns:45% auto\"><figure class=\"wp-block-media-text__media\"><img loading=\"lazy\" decoding=\"async\" width=\"1024\" height=\"768\" src=\"https:\/\/nachhaltigkeitskompass-niedersachsen.de\/wp-content\/uploads\/2024\/11\/c-Vanessa-Wilke-@aboutcities-2-1024x768.jpeg\" alt=\"\" class=\"wp-image-213 size-full\" srcset=\"https:\/\/nachhaltigkeitskompass-niedersachsen.de\/wp-content\/uploads\/2024\/11\/c-Vanessa-Wilke-@aboutcities-2-1024x768.jpeg 1024w, https:\/\/nachhaltigkeitskompass-niedersachsen.de\/wp-content\/uploads\/2024\/11\/c-Vanessa-Wilke-@aboutcities-2-300x225.jpeg 300w, https:\/\/nachhaltigkeitskompass-niedersachsen.de\/wp-content\/uploads\/2024\/11\/c-Vanessa-Wilke-@aboutcities-2-768x576.jpeg 768w, https:\/\/nachhaltigkeitskompass-niedersachsen.de\/wp-content\/uploads\/2024\/11\/c-Vanessa-Wilke-@aboutcities-2-1536x1152.jpeg 1536w, https:\/\/nachhaltigkeitskompass-niedersachsen.de\/wp-content\/uploads\/2024\/11\/c-Vanessa-Wilke-@aboutcities-2-2048x1536.jpeg 2048w\" sizes=\"auto, (max-width: 1024px) 100vw, 1024px\" \/><\/figure><div class=\"wp-block-media-text__content\">\n<div class=\"wp-block-group alignwide has-global-padding is-content-justification-left is-layout-constrained wp-container-core-group-is-layout-c4d06299 wp-block-group-is-layout-constrained\">\n<h2 class=\"wp-block-heading has-text-align-left has-huge-font-size\" style=\"margin-top:0\"><em>Wir haben uns zusammengeschlossen, um den St\u00e4dtetourismus in Niedersachsen zu profilieren.<\/em><\/h2>\n\n\n\n<p class=\"has-text-align-left has-medium-font-size\"><\/p>\n\n\n\n<div class=\"wp-block-buttons is-content-justification-left is-layout-flex wp-container-core-buttons-is-layout-fc4fd283 wp-block-buttons-is-layout-flex\"><\/div>\n<\/div>\n<\/div><\/div>\n<\/div>\n<\/div>\n\n\n\n<p>Nach au\u00dfen werden wir vor allem durch den Reiseblog aboutcities.de, Social Media Kan\u00e4le, Printprodukte, unser Instameet oder unser Niedersachsencamp sichtbar.&nbsp;Doch hinter den Kulissen ist das Netzwerk mehr als nur das.<\/p>\n\n\n\n<p>In verschiedenen Arbeitskreisen kommen wir mit den Vertreter:innen unserer St\u00e4dte zusammen. Wir treffen uns zu&nbsp;<strong>Workshops, Mitgliederversammlungen&nbsp;<\/strong>oder&nbsp;<strong>Vorstandstreffen<\/strong>. Wir sprechen \u00fcber unsere Strategie, lernen Neues oder arbeiten gemeinsam an Projekten. In verschiedenen Arbeitskreisen kommen wir mit den Vertreter:innen unserer St\u00e4dte zusammen. Wir treffen uns zu&nbsp;<strong>Workshops, Mitgliederversammlungen&nbsp;<\/strong>oder&nbsp;<strong>Vorstandstreffen<\/strong>. <\/p>\n\n\n\n<p>Wir sprechen \u00fcber unsere Strategie, lernen Neues oder arbeiten gemeinsam an Projekten. Wir tauschen uns aus, unterst\u00fctzen uns gegenseitig und beraten \u00fcber Aktuelles. Regelm\u00e4\u00dfig treffen wir uns daf\u00fcr in einer unserer St\u00e4dte und sind selbst zu Gast in Niedersachsen. Dabei bilden wir uns nicht nur weiter, sondern f\u00f6rdern auch das Netzwerken unter den St\u00e4dten. Der Austausch untereinander ist eine Bereicherung, nicht nur individuell f\u00fcr alle Teilnehmer:innen, sondern auch f\u00fcr unser Netzwerk.<\/p>\n<\/div>\n\n\n\n<p><\/p>\n\n\n\n<h4 class=\"wp-block-heading has-text-align-center\">Unsere Themen<\/h4>\n\n\n\n<p class=\"has-text-align-center\"><span class=\"fl-icon\" style=\"box-sizing: border-box; display: table-cell; vertical-align: middle;\"><\/span><\/p>\n\n\n\n<p><\/p>\n\n\n\n<h4 class=\"wp-block-heading has-text-align-center\">Workshops<\/h4>\n\n\n\n<p class=\"has-text-align-center\">In gemeinsamen Workshops schaffen wir Mehrwerte f\u00fcr alle Besch\u00e4ftigten unserer Mitglieder.<\/p>\n\n\n\n<h4 class=\"wp-block-heading has-text-align-center\">Netzwerk<\/h4>\n\n\n\n<p class=\"has-text-align-center\">Wir verbinden nicht nur unsere Mitglieder, sondern schaffen auch Raum f\u00fcr den Austausch mit anderen Akteuren der Tourismuswirtschaft.<\/p>\n\n\n\n<h4 class=\"wp-block-heading has-text-align-center\">Innovation<\/h4>\n\n\n\n<p class=\"has-text-align-center\">Als Ideentreiber bringen wir immer wieder neue und innovative Projekte auf den Weg.<\/p>\n\n\n\n<h4 class=\"wp-block-heading has-text-align-center\">Kooperation<\/h4>\n\n\n\n<p class=\"has-text-align-center\">Gemeinsam agieren und so einen Mehrwert f\u00fcr Alle schaffen.<\/p>\n\n\n\n<h4 class=\"wp-block-heading has-text-align-center\">Interessenvertretung<\/h4>\n\n\n\n<p class=\"has-text-align-center\">Unser Vorstand nimmt regelm\u00e4\u00dfig an Netzwerktreffen teil und repr\u00e4sentiert so den St\u00e4dtetourismus in Niedersachsen bundesweit.<\/p>\n\n\n\n<h4 class=\"wp-block-heading has-text-align-center\">Kampagnen<\/h4>\n\n\n\n<p class=\"has-text-align-center\">Marketingkampagnen, die alle aboutcities St\u00e4dte b\u00fcndeln und so einen gr\u00f6\u00dferen Impact haben.<\/p>\n\n\n\n<p><\/p>\n","protected":false},"excerpt":{"rendered":"<p>Hinter aboutcities- dem St\u00e4dtenetzwerk in Niedersachsen- stehen 19 nieders\u00e4chsische St\u00e4dte, Bremerhaven und die TourismusMarketing Niedersachsen GmbH. Wir haben uns zusammengeschlossen, um den St\u00e4dtetourismus in Niedersachsen zu profilieren. Nach au\u00dfen werden wir vor allem durch den Reiseblog aboutcities.de, Social Media Kan\u00e4le, Printprodukte, unser Instameet oder unser Niedersachsencamp sichtbar.&nbsp;Doch hinter den Kulissen ist das Netzwerk mehr als [&hellip;]<\/p>\n","protected":false},"author":4,"featured_media":383,"parent":0,"menu_order":0,"comment_status":"closed","ping_status":"closed","template":"","meta":{"footnotes":""},"class_list":["post-212","page","type-page","status-publish","has-post-thumbnail","hentry"],"yoast_head":"<!-- This site is optimized with the Yoast SEO plugin v27.5 - https:\/\/yoast.com\/product\/yoast-seo-wordpress\/ -->\n<title>aboutcities - Das St\u00e4dtenetzwerk in Niedersachsen - Nachhaltigskeitskompass Niedersachsen<\/title>\n<meta name=\"robots\" content=\"index, follow, max-snippet:-1, max-image-preview:large, max-video-preview:-1\" \/>\n<link rel=\"canonical\" href=\"https:\/\/nachhaltigkeitskompass-niedersachsen.de\/?page_id=212\" \/>\n<meta property=\"og:locale\" content=\"de_DE\" \/>\n<meta property=\"og:type\" content=\"article\" \/>\n<meta property=\"og:title\" content=\"aboutcities - Das St\u00e4dtenetzwerk in Niedersachsen - Nachhaltigskeitskompass Niedersachsen\" \/>\n<meta property=\"og:description\" content=\"Hinter aboutcities- dem St\u00e4dtenetzwerk in Niedersachsen- stehen 19 nieders\u00e4chsische St\u00e4dte, Bremerhaven und die TourismusMarketing Niedersachsen GmbH. Wir haben uns zusammengeschlossen, um den St\u00e4dtetourismus in Niedersachsen zu profilieren. Nach au\u00dfen werden wir vor allem durch den Reiseblog aboutcities.de, Social Media Kan\u00e4le, Printprodukte, unser Instameet oder unser Niedersachsencamp sichtbar.&nbsp;Doch hinter den Kulissen ist das Netzwerk mehr als [&hellip;]\" \/>\n<meta property=\"og:url\" content=\"https:\/\/nachhaltigkeitskompass-niedersachsen.de\/?page_id=212\" \/>\n<meta property=\"og:site_name\" content=\"Nachhaltigskeitskompass Niedersachsen\" \/>\n<meta property=\"article:modified_time\" content=\"2024-11-13T15:44:36+00:00\" \/>\n<meta property=\"og:image\" content=\"https:\/\/nachhaltigkeitskompass-niedersachsen.de\/wp-content\/uploads\/2024\/11\/Handlungsfelder-3.png\" \/>\n\t<meta property=\"og:image:width\" content=\"2000\" \/>\n\t<meta property=\"og:image:height\" content=\"600\" \/>\n\t<meta property=\"og:image:type\" content=\"image\/png\" \/>\n<meta name=\"twitter:card\" content=\"summary_large_image\" \/>\n<meta name=\"twitter:label1\" content=\"Gesch\u00e4tzte Lesezeit\" \/>\n\t<meta name=\"twitter:data1\" content=\"2\u00a0Minuten\" \/>\n<script type=\"application\/ld+json\" class=\"yoast-schema-graph\">{\"@context\":\"https:\\\/\\\/schema.org\",\"@graph\":[{\"@type\":\"WebPage\",\"@id\":\"https:\\\/\\\/nachhaltigkeitskompass-niedersachsen.de\\\/?page_id=212\",\"url\":\"https:\\\/\\\/nachhaltigkeitskompass-niedersachsen.de\\\/?page_id=212\",\"name\":\"aboutcities - Das St\u00e4dtenetzwerk in Niedersachsen - Nachhaltigskeitskompass Niedersachsen\",\"isPartOf\":{\"@id\":\"https:\\\/\\\/nachhaltigkeitskompass-niedersachsen.de\\\/#website\"},\"primaryImageOfPage\":{\"@id\":\"https:\\\/\\\/nachhaltigkeitskompass-niedersachsen.de\\\/?page_id=212#primaryimage\"},\"image\":{\"@id\":\"https:\\\/\\\/nachhaltigkeitskompass-niedersachsen.de\\\/?page_id=212#primaryimage\"},\"thumbnailUrl\":\"https:\\\/\\\/nachhaltigkeitskompass-niedersachsen.de\\\/wp-content\\\/uploads\\\/2024\\\/11\\\/Handlungsfelder-3.png\",\"datePublished\":\"2024-11-07T02:43:10+00:00\",\"dateModified\":\"2024-11-13T15:44:36+00:00\",\"breadcrumb\":{\"@id\":\"https:\\\/\\\/nachhaltigkeitskompass-niedersachsen.de\\\/?page_id=212#breadcrumb\"},\"inLanguage\":\"de\",\"potentialAction\":[{\"@type\":\"ReadAction\",\"target\":[\"https:\\\/\\\/nachhaltigkeitskompass-niedersachsen.de\\\/?page_id=212\"]}]},{\"@type\":\"ImageObject\",\"inLanguage\":\"de\",\"@id\":\"https:\\\/\\\/nachhaltigkeitskompass-niedersachsen.de\\\/?page_id=212#primaryimage\",\"url\":\"https:\\\/\\\/nachhaltigkeitskompass-niedersachsen.de\\\/wp-content\\\/uploads\\\/2024\\\/11\\\/Handlungsfelder-3.png\",\"contentUrl\":\"https:\\\/\\\/nachhaltigkeitskompass-niedersachsen.de\\\/wp-content\\\/uploads\\\/2024\\\/11\\\/Handlungsfelder-3.png\",\"width\":2000,\"height\":600},{\"@type\":\"BreadcrumbList\",\"@id\":\"https:\\\/\\\/nachhaltigkeitskompass-niedersachsen.de\\\/?page_id=212#breadcrumb\",\"itemListElement\":[{\"@type\":\"ListItem\",\"position\":1,\"name\":\"Startseite\",\"item\":\"https:\\\/\\\/nachhaltigkeitskompass-niedersachsen.de\\\/\"},{\"@type\":\"ListItem\",\"position\":2,\"name\":\"aboutcities &#8211; Das St\u00e4dtenetzwerk in Niedersachsen\"}]},{\"@type\":\"WebSite\",\"@id\":\"https:\\\/\\\/nachhaltigkeitskompass-niedersachsen.de\\\/#website\",\"url\":\"https:\\\/\\\/nachhaltigkeitskompass-niedersachsen.de\\\/\",\"name\":\"Nachhaltigskeitskompass Niedersachsen\",\"description\":\"\",\"publisher\":{\"@id\":\"https:\\\/\\\/nachhaltigkeitskompass-niedersachsen.de\\\/#organization\"},\"potentialAction\":[{\"@type\":\"SearchAction\",\"target\":{\"@type\":\"EntryPoint\",\"urlTemplate\":\"https:\\\/\\\/nachhaltigkeitskompass-niedersachsen.de\\\/?s={search_term_string}\"},\"query-input\":{\"@type\":\"PropertyValueSpecification\",\"valueRequired\":true,\"valueName\":\"search_term_string\"}}],\"inLanguage\":\"de\"},{\"@type\":\"Organization\",\"@id\":\"https:\\\/\\\/nachhaltigkeitskompass-niedersachsen.de\\\/#organization\",\"name\":\"Nachhaltigskeitskompass Niedersachsen\",\"url\":\"https:\\\/\\\/nachhaltigkeitskompass-niedersachsen.de\\\/\",\"logo\":{\"@type\":\"ImageObject\",\"inLanguage\":\"de\",\"@id\":\"https:\\\/\\\/nachhaltigkeitskompass-niedersachsen.de\\\/#\\\/schema\\\/logo\\\/image\\\/\",\"url\":\"https:\\\/\\\/nachhaltigkeitskompass-niedersachsen.de\\\/wp-content\\\/uploads\\\/2024\\\/04\\\/logo-about-cities-transparent-frei-schrift-weiss-1.webp\",\"contentUrl\":\"https:\\\/\\\/nachhaltigkeitskompass-niedersachsen.de\\\/wp-content\\\/uploads\\\/2024\\\/04\\\/logo-about-cities-transparent-frei-schrift-weiss-1.webp\",\"width\":300,\"height\":283,\"caption\":\"Nachhaltigskeitskompass Niedersachsen\"},\"image\":{\"@id\":\"https:\\\/\\\/nachhaltigkeitskompass-niedersachsen.de\\\/#\\\/schema\\\/logo\\\/image\\\/\"}}]}<\/script>\n<!-- \/ Yoast SEO plugin. -->","yoast_head_json":{"title":"aboutcities - Das St\u00e4dtenetzwerk in Niedersachsen - Nachhaltigskeitskompass Niedersachsen","robots":{"index":"index","follow":"follow","max-snippet":"max-snippet:-1","max-image-preview":"max-image-preview:large","max-video-preview":"max-video-preview:-1"},"canonical":"https:\/\/nachhaltigkeitskompass-niedersachsen.de\/?page_id=212","og_locale":"de_DE","og_type":"article","og_title":"aboutcities - Das St\u00e4dtenetzwerk in Niedersachsen - Nachhaltigskeitskompass Niedersachsen","og_description":"Hinter aboutcities- dem St\u00e4dtenetzwerk in Niedersachsen- stehen 19 nieders\u00e4chsische St\u00e4dte, Bremerhaven und die TourismusMarketing Niedersachsen GmbH. Wir haben uns zusammengeschlossen, um den St\u00e4dtetourismus in Niedersachsen zu profilieren. Nach au\u00dfen werden wir vor allem durch den Reiseblog aboutcities.de, Social Media Kan\u00e4le, Printprodukte, unser Instameet oder unser Niedersachsencamp sichtbar.&nbsp;Doch hinter den Kulissen ist das Netzwerk mehr als [&hellip;]","og_url":"https:\/\/nachhaltigkeitskompass-niedersachsen.de\/?page_id=212","og_site_name":"Nachhaltigskeitskompass Niedersachsen","article_modified_time":"2024-11-13T15:44:36+00:00","og_image":[{"width":2000,"height":600,"url":"https:\/\/nachhaltigkeitskompass-niedersachsen.de\/wp-content\/uploads\/2024\/11\/Handlungsfelder-3.png","type":"image\/png"}],"twitter_card":"summary_large_image","twitter_misc":{"Gesch\u00e4tzte Lesezeit":"2\u00a0Minuten"},"schema":{"@context":"https:\/\/schema.org","@graph":[{"@type":"WebPage","@id":"https:\/\/nachhaltigkeitskompass-niedersachsen.de\/?page_id=212","url":"https:\/\/nachhaltigkeitskompass-niedersachsen.de\/?page_id=212","name":"aboutcities - Das St\u00e4dtenetzwerk in Niedersachsen - Nachhaltigskeitskompass Niedersachsen","isPartOf":{"@id":"https:\/\/nachhaltigkeitskompass-niedersachsen.de\/#website"},"primaryImageOfPage":{"@id":"https:\/\/nachhaltigkeitskompass-niedersachsen.de\/?page_id=212#primaryimage"},"image":{"@id":"https:\/\/nachhaltigkeitskompass-niedersachsen.de\/?page_id=212#primaryimage"},"thumbnailUrl":"https:\/\/nachhaltigkeitskompass-niedersachsen.de\/wp-content\/uploads\/2024\/11\/Handlungsfelder-3.png","datePublished":"2024-11-07T02:43:10+00:00","dateModified":"2024-11-13T15:44:36+00:00","breadcrumb":{"@id":"https:\/\/nachhaltigkeitskompass-niedersachsen.de\/?page_id=212#breadcrumb"},"inLanguage":"de","potentialAction":[{"@type":"ReadAction","target":["https:\/\/nachhaltigkeitskompass-niedersachsen.de\/?page_id=212"]}]},{"@type":"ImageObject","inLanguage":"de","@id":"https:\/\/nachhaltigkeitskompass-niedersachsen.de\/?page_id=212#primaryimage","url":"https:\/\/nachhaltigkeitskompass-niedersachsen.de\/wp-content\/uploads\/2024\/11\/Handlungsfelder-3.png","contentUrl":"https:\/\/nachhaltigkeitskompass-niedersachsen.de\/wp-content\/uploads\/2024\/11\/Handlungsfelder-3.png","width":2000,"height":600},{"@type":"BreadcrumbList","@id":"https:\/\/nachhaltigkeitskompass-niedersachsen.de\/?page_id=212#breadcrumb","itemListElement":[{"@type":"ListItem","position":1,"name":"Startseite","item":"https:\/\/nachhaltigkeitskompass-niedersachsen.de\/"},{"@type":"ListItem","position":2,"name":"aboutcities &#8211; Das St\u00e4dtenetzwerk in Niedersachsen"}]},{"@type":"WebSite","@id":"https:\/\/nachhaltigkeitskompass-niedersachsen.de\/#website","url":"https:\/\/nachhaltigkeitskompass-niedersachsen.de\/","name":"Nachhaltigskeitskompass Niedersachsen","description":"","publisher":{"@id":"https:\/\/nachhaltigkeitskompass-niedersachsen.de\/#organization"},"potentialAction":[{"@type":"SearchAction","target":{"@type":"EntryPoint","urlTemplate":"https:\/\/nachhaltigkeitskompass-niedersachsen.de\/?s={search_term_string}"},"query-input":{"@type":"PropertyValueSpecification","valueRequired":true,"valueName":"search_term_string"}}],"inLanguage":"de"},{"@type":"Organization","@id":"https:\/\/nachhaltigkeitskompass-niedersachsen.de\/#organization","name":"Nachhaltigskeitskompass Niedersachsen","url":"https:\/\/nachhaltigkeitskompass-niedersachsen.de\/","logo":{"@type":"ImageObject","inLanguage":"de","@id":"https:\/\/nachhaltigkeitskompass-niedersachsen.de\/#\/schema\/logo\/image\/","url":"https:\/\/nachhaltigkeitskompass-niedersachsen.de\/wp-content\/uploads\/2024\/04\/logo-about-cities-transparent-frei-schrift-weiss-1.webp","contentUrl":"https:\/\/nachhaltigkeitskompass-niedersachsen.de\/wp-content\/uploads\/2024\/04\/logo-about-cities-transparent-frei-schrift-weiss-1.webp","width":300,"height":283,"caption":"Nachhaltigskeitskompass Niedersachsen"},"image":{"@id":"https:\/\/nachhaltigkeitskompass-niedersachsen.de\/#\/schema\/logo\/image\/"}}]}},"_links":{"self":[{"href":"https:\/\/nachhaltigkeitskompass-niedersachsen.de\/index.php?rest_route=\/wp\/v2\/pages\/212","targetHints":{"allow":["GET"]}}],"collection":[{"href":"https:\/\/nachhaltigkeitskompass-niedersachsen.de\/index.php?rest_route=\/wp\/v2\/pages"}],"about":[{"href":"https:\/\/nachhaltigkeitskompass-niedersachsen.de\/index.php?rest_route=\/wp\/v2\/types\/page"}],"author":[{"embeddable":true,"href":"https:\/\/nachhaltigkeitskompass-niedersachsen.de\/index.php?rest_route=\/wp\/v2\/users\/4"}],"replies":[{"embeddable":true,"href":"https:\/\/nachhaltigkeitskompass-niedersachsen.de\/index.php?rest_route=%2Fwp%2Fv2%2Fcomments&post=212"}],"version-history":[{"count":3,"href":"https:\/\/nachhaltigkeitskompass-niedersachsen.de\/index.php?rest_route=\/wp\/v2\/pages\/212\/revisions"}],"predecessor-version":[{"id":384,"href":"https:\/\/nachhaltigkeitskompass-niedersachsen.de\/index.php?rest_route=\/wp\/v2\/pages\/212\/revisions\/384"}],"wp:featuredmedia":[{"embeddable":true,"href":"https:\/\/nachhaltigkeitskompass-niedersachsen.de\/index.php?rest_route=\/wp\/v2\/media\/383"}],"wp:attachment":[{"href":"https:\/\/nachhaltigkeitskompass-niedersachsen.de\/index.php?rest_route=%2Fwp%2Fv2%2Fmedia&parent=212"}],"curies":[{"name":"wp","href":"https:\/\/api.w.org\/{rel}","templated":true}]}}